{"id":19,"date":"2026-09-01T14:35:38","date_gmt":"2026-09-01T12:35:38","guid":{"rendered":"https:\/\/bretagne.wordcamp.org\/2026\/?page_id=19"},"modified":"2026-09-01T14:52:44","modified_gmt":"2026-09-01T12:52:44","slug":"informations-pratiques","status":"publish","type":"page","link":"https:\/\/bretagne.wordcamp.org\/2026\/informations-pratiques\/","title":{"rendered":"Informations pratiques"},"content":{"rendered":"\n<p class=\"has-text-align-left has-unbounded-font-family has-large-font-size wp-block-paragraph\" style=\"margin-bottom:var(--wp--preset--spacing--50)\">Le <strong>WordCamp Bretagne 2026<\/strong> approche rapidement&nbsp;! Voici toutes les <strong>informations pratiques<\/strong> \u00e0 retenir pour appr\u00e9cier au mieux cet \u00e9v\u00e9nement breton unique.<\/p>\n\n\n\n<section class=\"wp-block-group has-global-padding is-layout-constrained wp-container-core-group-is-layout-5a30f31b wp-block-group-is-layout-constrained\">\n<h2 class=\"wp-block-heading has-x-large-font-size\">Rappel des \u00e9v\u00e9nements<\/h2>\n\n\n\n<div class=\"wp-block-group has-global-padding is-layout-constrained wp-container-core-group-is-layout-92b9201d wp-block-group-is-layout-constrained\">\n<h3 class=\"wp-block-heading\">Journ\u00e9e de contribution <\/h3>\n\n\n\n<p class=\"wp-block-paragraph\"><strong>Le jeudi 17 septembre<\/strong>, au Poool \u00e0 Rennes. <\/p>\n\n\n\n<p class=\"wp-block-paragraph\">Cet \u00e9v\u00e9nement est organis\u00e9 <strong>b\u00e9n\u00e9volement<\/strong> par l&rsquo;association <strong>WPFR<\/strong> et n\u00e9cessite une inscription sp\u00e9cifique. Si vous souhaitez y participer, <strong>n&rsquo;oubliez pas de vous inscrire&nbsp;!<\/strong><\/p>\n\n\n\n<div class=\"wp-block-buttons is-layout-flex wp-block-buttons-is-layout-flex\">\n<div class=\"wp-block-button is-style-fill\"><a class=\"wp-block-button__link wp-element-button\" href=\"https:\/\/framaforms.org\/inscription-a-la-journee-de-contribution-du-wordcamp-bretagne-2026-1781857272\" target=\"_blank\" rel=\"noopener\">Inscription<\/a><\/div>\n\n\n\n<div class=\"wp-block-button is-style-outline is-style-outline--1\"><a class=\"wp-block-button__link wp-element-button\" href=\"https:\/\/wpfr.net\/journee-de-contribution-du-wordcamp-bretagne-2026-ouverture-des-inscriptions\/\" target=\"_blank\" rel=\"noopener\">En savoir plus<\/a><\/div>\n<\/div>\n<\/div>\n\n\n\n<div class=\"wp-block-group has-global-padding is-layout-constrained wp-container-core-group-is-layout-92b9201d wp-block-group-is-layout-constrained\">\n<h3 class=\"wp-block-heading\"><strong>WordCamp Bretagne 2026<\/strong><\/h3>\n\n\n\n<p class=\"wp-block-paragraph\"><strong>Le vendredi 18 septembre<\/strong>, au <em>Couvent des Jacobins<\/em> \u00e0 Rennes.<\/p>\n\n\n\n<p class=\"wp-block-paragraph\">Cet \u00e9v\u00e9nement est organis\u00e9 <strong>b\u00e9n\u00e9volement<\/strong> par <a href=\"https:\/\/bretagne.wordcamp.org\/2026\/equipe\/\" data-type=\"page\" data-id=\"12\">11 membres des communaut\u00e9s WordPress de Nantes et Rennes<\/a> compl\u00e9t\u00e9s par 20 volontaires pour vous assister tout au long de la journ\u00e9e. <\/p>\n\n\n\n<p class=\"wp-block-paragraph\">Si besoin, toutes les \u00e9quipes seront facilement reconnaissables gr\u00e2ce \u00e0 leurs<strong> polos ou t-shirts noirs<\/strong> avec le logo de l&rsquo;\u00e9v\u00e9nement dans le dos et \u00e0 leurs <strong>badges jaunes ou roses<\/strong>.<\/p>\n\n\n\n<div class=\"wp-block-buttons is-layout-flex wp-block-buttons-is-layout-flex\">\n<div class=\"wp-block-button\"><a class=\"wp-block-button__link wp-element-button\" href=\"https:\/\/bretagne.wordcamp.org\/2026\/billetterie\/\">Billetterie<\/a><\/div>\n<\/div>\n<\/div>\n\n\n\n<div class=\"wp-block-group has-wcbzh-brutalist-shadow is-nowrap is-layout-flex wp-container-core-group-is-layout-c1033b49 wp-block-group-is-layout-flex\" style=\"border-width:2px;border-top-left-radius:20px;border-top-right-radius:20px;border-bottom-left-radius:20px;border-bottom-right-radius:20px;margin-top:var(--wp--preset--spacing--40);margin-bottom:var(--wp--preset--spacing--40);padding-top:var(--wp--preset--spacing--40);padding-right:var(--wp--preset--spacing--40);padding-bottom:var(--wp--preset--spacing--40);padding-left:var(--wp--preset--spacing--40);box-shadow:var(--wp--preset--shadow--shadow-1)\"><div class=\"wp-block-icon\"><svg style=\"width:45px;\" aria-hidden=\"true\" focusable=\"false\" xmlns=\"http:\/\/www.w3.org\/2000\/svg\" viewbox=\"0 0 24 24\">\n\t<path fill-rule=\"evenodd\" d=\"M12.218 5.377a.25.25 0 0 0-.436 0l-7.29 12.96a.25.25 0 0 0 .218.373h14.58a.25.25 0 0 0 .218-.372l-7.29-12.96Zm-1.743-.735c.669-1.19 2.381-1.19 3.05 0l7.29 12.96a1.75 1.75 0 0 1-1.525 2.608H4.71a1.75 1.75 0 0 1-1.525-2.608l7.29-12.96ZM12.75 17.46h-1.5v-1.5h1.5v1.5Zm-1.5-3h1.5v-5h-1.5v5Z\" \/>\n<\/svg>\n<\/div>\n\n\n<div class=\"wp-block-group is-layout-flow wp-container-core-group-is-layout-19eabfb7 wp-block-group-is-layout-flow\">\n<p class=\"wp-block-paragraph\">Le billet pour le WordCamp Bretagne 2026<strong> ne donne pas acc\u00e8s \u00e0 la journ\u00e9e de contribution<\/strong>. De m\u00eame, votre inscription \u00e0 la journ\u00e9e de contribution<strong> ne vous donne pas acc\u00e8s au WordCamp<\/strong>.<\/p>\n\n\n\n<p class=\"wp-block-paragraph\">Les deux \u00e9v\u00e9nements sont <strong>ind\u00e9pendants<\/strong> et n\u00e9cessitent des <strong>inscriptions s\u00e9par\u00e9es.<\/strong><\/p>\n<\/div>\n<\/div>\n<\/section>\n\n\n\n<section class=\"wp-block-group has-global-padding is-layout-constrained wp-container-core-group-is-layout-92b9201d wp-block-group-is-layout-constrained\">\n<h2 class=\"wp-block-heading\"><strong>R\u00e9seaux sociaux<\/strong><\/h2>\n\n\n\n<p class=\"wp-block-paragraph\">Tout au long de la journ\u00e9e, et m\u00eame apr\u00e8s, n&rsquo;h\u00e9sitez pas \u00e0 utiliser le mot-di\u00e8se <strong>#WCBZH<\/strong> dans toutes les publications que vous partagez sur vos <strong>r\u00e9seaux sociaux<\/strong>. <\/p>\n\n\n\n<p class=\"wp-block-paragraph\">N&rsquo;h\u00e9sitez pas non plus \u00e0 <strong>vous abonner<\/strong> sur LinkedIn ou X pour suivre toute l&rsquo;actualit\u00e9 de l&rsquo;\u00e9v\u00e9nement en temps r\u00e9el&nbsp;!<\/p>\n\n\n\n<ul class=\"wp-block-social-links has-large-icon-size has-icon-color has-icon-background-color is-layout-flex wp-container-core-social-links-is-layout-15e81e10 wp-block-social-links-is-layout-flex\"><li style=\"color:#FFFFFF;background-color:#111111\" class=\"wp-social-link wp-social-link-linkedin has-base-color has-contrast-background-color wp-block-social-link\"><a rel=\"noopener nofollow\" target=\"_blank\" href=\"https:\/\/www.linkedin.com\/company\/wcbretagne\" class=\"wp-block-social-link-anchor\"><svg width=\"24\" height=\"24\" viewBox=\"0 0 24 24\" version=\"1.1\" xmlns=\"http:\/\/www.w3.org\/2000\/svg\" aria-hidden=\"true\" focusable=\"false\"><path d=\"M19.7,3H4.3C3.582,3,3,3.582,3,4.3v15.4C3,20.418,3.582,21,4.3,21h15.4c0.718,0,1.3-0.582,1.3-1.3V4.3 C21,3.582,20.418,3,19.7,3z M8.339,18.338H5.667v-8.59h2.672V18.338z M7.004,8.574c-0.857,0-1.549-0.694-1.549-1.548 c0-0.855,0.691-1.548,1.549-1.548c0.854,0,1.547,0.694,1.547,1.548C8.551,7.881,7.858,8.574,7.004,8.574z M18.339,18.338h-2.669 v-4.177c0-0.996-0.017-2.278-1.387-2.278c-1.389,0-1.601,1.086-1.601,2.206v4.249h-2.667v-8.59h2.559v1.174h0.037 c0.356-0.675,1.227-1.387,2.526-1.387c2.703,0,3.203,1.779,3.203,4.092V18.338z\"><\/path><\/svg><span class=\"wp-block-social-link-label screen-reader-text\">LinkedIn<\/span><\/a><\/li>\n\n<li style=\"color:#FFFFFF;background-color:#111111\" class=\"wp-social-link wp-social-link-x has-base-color has-contrast-background-color wp-block-social-link\"><a rel=\"noopener nofollow\" target=\"_blank\" href=\"https:\/\/twitter.com\/wcbretagne\" class=\"wp-block-social-link-anchor\"><svg width=\"24\" height=\"24\" viewBox=\"0 0 24 24\" version=\"1.1\" xmlns=\"http:\/\/www.w3.org\/2000\/svg\" aria-hidden=\"true\" focusable=\"false\"><path d=\"M13.982 10.622 20.54 3h-1.554l-5.693 6.618L8.745 3H3.5l6.876 10.007L3.5 21h1.554l6.012-6.989L15.868 21h5.245l-7.131-10.378Zm-2.128 2.474-.697-.997-5.543-7.93H8l4.474 6.4.697.996 5.815 8.318h-2.387l-4.745-6.787Z\" \/><\/svg><span class=\"wp-block-social-link-label screen-reader-text\">X<\/span><\/a><\/li><\/ul>\n<\/section>\n\n\n\n<section class=\"wp-block-group has-global-padding is-layout-constrained wp-container-core-group-is-layout-92b9201d wp-block-group-is-layout-constrained\">\n<h2 class=\"wp-block-heading\"><strong>D\u00e9roul\u00e9 de la journ\u00e9e du WordCamp<\/strong> Bretagne<\/h2>\n\n\n\n<p class=\"wp-block-paragraph\">Il y a <strong>23 conf\u00e9rences au programme<\/strong>, r\u00e9parties en deux salles, une <a href=\"https:\/\/bretagne.wordcamp.org\/2026\/track\/grand-public\/\" data-type=\"wcb_track\" data-id=\"49\">salle <strong>Grand Public<\/strong><\/a> et une <a href=\"https:\/\/bretagne.wordcamp.org\/2026\/track\/technique\/\" data-type=\"wcb_track\" data-id=\"50\">salle <strong>Technique<\/strong><\/a>.<\/p>\n\n\n\n<p class=\"wp-block-paragraph\">La <strong>nef amphith\u00e9\u00e2tre de 400 places <\/strong>accueillera les conf\u00e9rences grand public et le<strong> r\u00e9fectoire auditorium de 200 places<\/strong>, les conf\u00e9rences techniques.<\/p>\n\n\n\n<div class=\"wp-block-group has-wcbzh-brutalist-shadow is-nowrap is-layout-flex wp-container-core-group-is-layout-c1033b49 wp-block-group-is-layout-flex\" style=\"border-width:2px;border-top-left-radius:20px;border-top-right-radius:20px;border-bottom-left-radius:20px;border-bottom-right-radius:20px;margin-top:var(--wp--preset--spacing--40);margin-bottom:var(--wp--preset--spacing--40);padding-top:var(--wp--preset--spacing--40);padding-right:var(--wp--preset--spacing--40);padding-bottom:var(--wp--preset--spacing--40);padding-left:var(--wp--preset--spacing--40);box-shadow:var(--wp--preset--shadow--shadow-1)\"><div class=\"wp-block-icon\"><svg style=\"width:45px;\" aria-hidden=\"true\" focusable=\"false\" xmlns=\"http:\/\/www.w3.org\/2000\/svg\" viewbox=\"0 0 24 24\">\n\t<path d=\"M14 5H4c-1.1 0-2 .9-2 2v10c0 1.1.9 2 2 2h10c1.1 0 2-.9 2-2V7c0-1.1-.9-2-2-2zm.5 12c0 .3-.2.5-.5.5H4c-.3 0-.5-.2-.5-.5V7c0-.3.2-.5.5-.5h10c.3 0 .5.2.5.5v10zm2.5-7v4l5 3V7l-5 3zm3.5 4.4l-2-1.2v-2.3l2-1.2v4.7z\" \/>\n<\/svg>\n<\/div>\n\n\n<div class=\"wp-block-group is-layout-flow wp-container-core-group-is-layout-19eabfb7 wp-block-group-is-layout-flow\">\n<p class=\"wp-block-paragraph\">Si vous <strong>manquez une conf\u00e9rence<\/strong> pendant la journ\u00e9e, ne vous inqui\u00e9tez pas\u00a0: toutes les pr\u00e9sentations seront <strong>film\u00e9es<\/strong> et disponibles sur <strong><a href=\"https:\/\/wordpress.tv\">WordPress.tv<\/a><\/strong> apr\u00e8s l&rsquo;\u00e9v\u00e9nement.<\/p>\n<\/div>\n<\/div>\n\n\n\n<p class=\"wp-block-paragraph\"><strong>La Halle<\/strong> <strong>0<\/strong> sera le lieu central pour les \u00e9changes avec les <strong>sponsors<\/strong>, la <strong>restauration<\/strong> et le <strong>vestiaire<\/strong> pour la journ\u00e9e.<\/p>\n\n\n\n<p class=\"wp-block-paragraph\"><strong>Un espace Coworking<\/strong> vous sera offert dans la <strong>galerie sud<\/strong> pour travailler et vous pourrez \u00e9galement profiter du <strong>clo\u00eetre<\/strong> pour vous d\u00e9tendre et prendre l&rsquo;air.<\/p>\n\n\n\n<p class=\"wp-block-paragraph\">Les pauses auront lieu \u00e0 <strong>10&nbsp;h&nbsp;30<\/strong> le matin et \u00e0 <strong>15&nbsp;h&nbsp;55<\/strong> l&rsquo;apr\u00e8s-midi. La pause d\u00e9jeuner est pr\u00e9vue de <strong>12&nbsp;h&nbsp;35 \u00e0 14&nbsp;h&nbsp;15<\/strong>.<\/p>\n\n\n\n<div class=\"wp-block-group has-wcbzh-brutalist-shadow is-nowrap is-layout-flex wp-container-core-group-is-layout-c1033b49 wp-block-group-is-layout-flex\" style=\"border-width:2px;border-top-left-radius:20px;border-top-right-radius:20px;border-bottom-left-radius:20px;border-bottom-right-radius:20px;margin-top:var(--wp--preset--spacing--40);margin-bottom:var(--wp--preset--spacing--40);padding-top:var(--wp--preset--spacing--40);padding-right:var(--wp--preset--spacing--40);padding-bottom:var(--wp--preset--spacing--40);padding-left:var(--wp--preset--spacing--40);box-shadow:var(--wp--preset--shadow--shadow-1)\"><div class=\"wp-block-icon\"><svg style=\"width:45px;\" aria-hidden=\"true\" focusable=\"false\" xmlns=\"http:\/\/www.w3.org\/2000\/svg\" viewbox=\"0 0 24 24\">\n\t<path fill-rule=\"evenodd\" d=\"M5.5 12a6.5 6.5 0 1 0 13 0 6.5 6.5 0 0 0-13 0ZM12 4a8 8 0 1 0 0 16 8 8 0 0 0 0-16Zm.75 4v1.5h-1.5V8h1.5Zm0 8v-5h-1.5v5h1.5Z\" \/>\n<\/svg>\n<\/div>\n\n\n<div class=\"wp-block-group is-layout-flow wp-container-core-group-is-layout-19eabfb7 wp-block-group-is-layout-flow\">\n<p class=\"wp-block-paragraph\"><strong>Pr\u00e9parez votre programme \u00e0 l&rsquo;avance<\/strong> en sauvegardant vos <strong>conf\u00e9rences favorites<\/strong> et n&rsquo;h\u00e9sitez surtout pas \u00e0 <strong>faire des pauses<\/strong> dans la journ\u00e9e pour <strong>profiter pleinement<\/strong> du WordCamp.<\/p>\n<\/div>\n<\/div>\n\n\n\n<p class=\"wp-block-paragraph\">Le <strong>WordCamp Bretagne 2026<\/strong> se terminera \u00e0 <strong>18&nbsp;h&nbsp;30<\/strong> avec les remarques de cl\u00f4ture. Ensuite, <strong>tous les participants et participantes devront quitter le Couvent des Jacobins<\/strong>.<\/p>\n\n\n\n<div class=\"wp-block-buttons is-layout-flex wp-block-buttons-is-layout-flex\">\n<div class=\"wp-block-button\"><a class=\"wp-block-button__link wp-element-button\" href=\"https:\/\/bretagne.wordcamp.org\/2026\/programme\/\">Voir le programme complet<\/a><\/div>\n<\/div>\n<\/section>\n\n\n\n<section class=\"wp-block-group has-global-padding is-layout-constrained wp-container-core-group-is-layout-92b9201d wp-block-group-is-layout-constrained\">\n<h2 class=\"wp-block-heading\">Plan du WordCamp<\/h2>\n\n\n\n<p class=\"wp-block-paragraph\">Tout l&rsquo;\u00e9v\u00e9nement aura lieu au <strong>rez-de-chauss\u00e9e<\/strong> (niveau 0) du Couvent des Jacobins.<\/p>\n\n\n\n<figure data-wp-context=\"{&quot;imageId&quot;:&quot;6a97e16ff121f&quot;}\" data-wp-interactive=\"core\/image\" data-wp-key=\"6a97e16ff121f\" class=\"wp-block-image size-large has-border-radius-20 is-overflow-hidden wp-lightbox-container\"><img loading=\"lazy\" decoding=\"async\" width=\"1024\" height=\"683\" data-wp-class--hide=\"state.isContentHidden\" data-wp-class--show=\"state.isContentVisible\" data-wp-init=\"callbacks.setButtonStyles\" data-wp-on--click=\"actions.showLightbox\" data-wp-on--load=\"callbacks.setButtonStyles\" data-wp-on--pointerdown=\"actions.preloadImage\" data-wp-on--pointerenter=\"actions.preloadImageWithDelay\" data-wp-on--pointerleave=\"actions.cancelPreload\" data-wp-on-window--resize=\"callbacks.setButtonStyles\" src=\"https:\/\/bretagne.wordcamp.org\/2026\/files\/2026\/09\/wcbzh-plan-couvent-des-jacobins-v2-1024x683.png\" alt=\"\" class=\"wp-image-9574\" srcset=\"https:\/\/bretagne.wordcamp.org\/2026\/files\/2026\/09\/wcbzh-plan-couvent-des-jacobins-v2-1024x683.png 1024w, https:\/\/bretagne.wordcamp.org\/2026\/files\/2026\/09\/wcbzh-plan-couvent-des-jacobins-v2-300x200.png 300w, https:\/\/bretagne.wordcamp.org\/2026\/files\/2026\/09\/wcbzh-plan-couvent-des-jacobins-v2-768x512.png 768w, https:\/\/bretagne.wordcamp.org\/2026\/files\/2026\/09\/wcbzh-plan-couvent-des-jacobins-v2-450x300.png 450w, https:\/\/bretagne.wordcamp.org\/2026\/files\/2026\/09\/wcbzh-plan-couvent-des-jacobins-v2-1536x1024.png 1536w, https:\/\/bretagne.wordcamp.org\/2026\/files\/2026\/09\/wcbzh-plan-couvent-des-jacobins-v2-2048x1365.png 2048w\" sizes=\"auto, (max-width: 1024px) 100vw, 1024px\" \/><button\n\t\t\tclass=\"lightbox-trigger\"\n\t\t\ttype=\"button\"\n\t\t\taria-haspopup=\"dialog\"\n\t\t\tdata-wp-bind--aria-label=\"state.thisImage.triggerButtonAriaLabel\"\n\t\t\tdata-wp-init=\"callbacks.initTriggerButton\"\n\t\t\tdata-wp-on--click=\"actions.showLightbox\"\n\t\t\tdata-wp-style--right=\"state.thisImage.buttonRight\"\n\t\t\tdata-wp-style--top=\"state.thisImage.buttonTop\"\n\t\t>\n\t\t\t<svg xmlns=\"http:\/\/www.w3.org\/2000\/svg\" width=\"12\" height=\"12\" fill=\"none\" viewBox=\"0 0 12 12\">\n\t\t\t\t<path fill=\"#fff\" d=\"M2 0a2 2 0 0 0-2 2v2h1.5V2a.5.5 0 0 1 .5-.5h2V0H2Zm2 10.5H2a.5.5 0 0 1-.5-.5V8H0v2a2 2 0 0 0 2 2h2v-1.5ZM8 12v-1.5h2a.5.5 0 0 0 .5-.5V8H12v2a2 2 0 0 1-2 2H8Zm2-12a2 2 0 0 1 2 2v2h-1.5V2a.5.5 0 0 0-.5-.5H8V0h2Z\" \/>\n\t\t\t<\/svg>\n\t\t<\/button><\/figure>\n\n\n\n<div class=\"wp-block-buttons is-layout-flex wp-block-buttons-is-layout-flex\">\n<div class=\"wp-block-button\"><a class=\"wp-block-button__link wp-element-button\" href=\"https:\/\/bretagne.wordcamp.org\/2026\/lieu\/\">Voir le lieu<\/a><\/div>\n<\/div>\n<\/section>\n\n\n\n<div class=\"wp-block-group alignfull is-style-section-3 has-global-padding is-layout-constrained wp-block-group-is-layout-constrained is-style-section-3--2\" style=\"margin-top:var(--wp--preset--spacing--60);padding-top:var(--wp--preset--spacing--70);padding-bottom:var(--wp--preset--spacing--70)\">\n<h2 class=\"wp-block-heading\">Foire aux questions<\/h2>\n\n\n\n<div data-wp-context=\"{ &quot;autoclose&quot;: false, &quot;accordionItems&quot;: [] }\" data-wp-interactive=\"core\/accordion\" role=\"group\" class=\"wp-block-accordion is-layout-flow wp-block-accordion-is-layout-flow\">\n<div data-wp-class--is-open=\"state.isOpen\" data-wp-context=\"{ &quot;id&quot;: &quot;accordion-item-3&quot;, &quot;openByDefault&quot;: false }\" data-wp-init=\"callbacks.initAccordionItems\" data-wp-on-window--hashchange=\"callbacks.hashChange\" class=\"wp-block-accordion-item is-layout-flow wp-block-accordion-item-is-layout-flow\">\n<h3 class=\"wp-block-accordion-heading has-icon has-icon-right\"><button aria-expanded=\"false\" aria-controls=\"accordion-item-3-panel\" data-wp-bind--aria-expanded=\"state.isOpen\" data-wp-on--click=\"actions.toggle\" id=\"accordion-item-3\" type=\"button\" class=\"wp-block-accordion-heading__toggle\"><span class=\"wp-block-accordion-heading__toggle-title\"><strong><strong>Faut-il un billet papier<\/strong> pour entrer au WordCamp&nbsp;?<\/strong><\/span><span class=\"wp-block-accordion-heading__toggle-icon\" aria-hidden=\"true\">+<\/span><\/button><\/h3>\n\n\n\n<div aria-labelledby=\"accordion-item-3\" data-wp-bind--hidden=\"state.isHidden\" data-wp-on--beforematch=\"actions.handleBeforeMatch\" id=\"accordion-item-3-panel\" role=\"region\" class=\"wp-block-accordion-panel is-layout-flow wp-block-accordion-panel-is-layout-flow\">\n<p class=\"wp-block-paragraph\"><strong>Non<\/strong>, il n&rsquo;y a <strong>pas besoin de billet physique ou num\u00e9rique<\/strong>.<\/p>\n\n\n\n<p class=\"wp-block-paragraph\">Il suffira de vous <strong>pr\u00e9senter \u00e0 l&rsquo;accueil <\/strong>avec votre nom et pr\u00e9nom puis apr\u00e8s <strong>v\u00e9rification<\/strong> nous vous confierons votre <strong>badge<\/strong> pour assister \u00e0 l&rsquo;ensemble de l&rsquo;\u00e9v\u00e9nement, toute la journ\u00e9e.<\/p>\n\n\n\n<p class=\"wp-block-paragraph\">Lors de la remise de ce badge, nos \u00e9quipes <strong>v\u00e9rifieront aussi votre pr\u00e9sence \u00e0 l&rsquo;after-party<\/strong> et distribueront un <strong>autocollant<\/strong> qui vous permettra l&rsquo;acc\u00e8s au lieu de la soir\u00e9e.<\/p>\n<\/div>\n<\/div>\n\n\n\n<div data-wp-class--is-open=\"state.isOpen\" data-wp-context=\"{ &quot;id&quot;: &quot;accordion-item-4&quot;, &quot;openByDefault&quot;: false }\" data-wp-init=\"callbacks.initAccordionItems\" data-wp-on-window--hashchange=\"callbacks.hashChange\" class=\"wp-block-accordion-item is-layout-flow wp-block-accordion-item-is-layout-flow\">\n<h3 class=\"wp-block-accordion-heading has-icon has-icon-right\"><button aria-expanded=\"false\" aria-controls=\"accordion-item-4-panel\" data-wp-bind--aria-expanded=\"state.isOpen\" data-wp-on--click=\"actions.toggle\" id=\"accordion-item-4\" type=\"button\" class=\"wp-block-accordion-heading__toggle\"><span class=\"wp-block-accordion-heading__toggle-title\"><strong>\u00c0 quelle heure faut-il se pr\u00e9senter \u00e0 l&rsquo;entr\u00e9e du WordCamp ?<\/strong><\/span><span class=\"wp-block-accordion-heading__toggle-icon\" aria-hidden=\"true\">+<\/span><\/button><\/h3>\n\n\n\n<div aria-labelledby=\"accordion-item-4\" data-wp-bind--hidden=\"state.isHidden\" data-wp-on--beforematch=\"actions.handleBeforeMatch\" id=\"accordion-item-4-panel\" role=\"region\" class=\"wp-block-accordion-panel is-layout-flow wp-block-accordion-panel-is-layout-flow\">\n<p class=\"wp-block-paragraph\">Le Couvent des Jacobins ouvre ses portes \u00e0 <strong>8&nbsp;h<\/strong>, ensuite le WordCamp Bretagne 2026 sera lanc\u00e9 \u00e0 <strong>9&nbsp;h<\/strong> avec les remarques d&rsquo;ouverture dans la nef, puis les premi\u00e8res conf\u00e9rences d\u00e9buteront \u00e0 <strong>9&nbsp;h&nbsp;20<\/strong> dans les deux salles.<\/p>\n<\/div>\n<\/div>\n\n\n\n<div data-wp-class--is-open=\"state.isOpen\" data-wp-context=\"{ &quot;id&quot;: &quot;accordion-item-5&quot;, &quot;openByDefault&quot;: false }\" data-wp-init=\"callbacks.initAccordionItems\" data-wp-on-window--hashchange=\"callbacks.hashChange\" class=\"wp-block-accordion-item is-layout-flow wp-block-accordion-item-is-layout-flow\">\n<h3 class=\"wp-block-accordion-heading has-icon has-icon-right\"><button aria-expanded=\"false\" aria-controls=\"accordion-item-5-panel\" data-wp-bind--aria-expanded=\"state.isOpen\" data-wp-on--click=\"actions.toggle\" id=\"accordion-item-5\" type=\"button\" class=\"wp-block-accordion-heading__toggle\"><span class=\"wp-block-accordion-heading__toggle-title\"><strong>Comment et o\u00f9 se garer \u00e0 Rennes ?<\/strong><\/span><span class=\"wp-block-accordion-heading__toggle-icon\" aria-hidden=\"true\">+<\/span><\/button><\/h3>\n\n\n\n<div aria-labelledby=\"accordion-item-5\" data-wp-bind--hidden=\"state.isHidden\" data-wp-on--beforematch=\"actions.handleBeforeMatch\" id=\"accordion-item-5-panel\" role=\"region\" class=\"wp-block-accordion-panel is-layout-flow wp-block-accordion-panel-is-layout-flow\">\n<p class=\"wp-block-paragraph\">Se garer \u00e0 Rennes peut \u00eatre un sujet d\u00e9licat, surtout en centre-ville o\u00f9 les parkings sont nombreux mais souvent payants. Les parkings centraux tels que <strong>De Gaulle<\/strong>, <strong>Hoche<\/strong> ou <strong>Lices<\/strong> sont s\u00fbrs mais repr\u00e9sentent un certain budget. Si vous optez pour un parc relais, <strong>attention \u00e0 ne pas d\u00e9passer 1&nbsp;h du matin (2&nbsp;h le week-end)<\/strong>, sous peine de recevoir une amende automatique.<\/p>\n\n\n\n<p class=\"wp-block-paragraph\">Pour \u00e9viter les frais de parking, il existe des alternatives. Par exemple, dans le quartier du <strong>m\u00e9tro Jacques Cartier<\/strong>, certaines rues tranquilles ne sont pas encore largement connues et n&rsquo;ont pas de parcm\u00e8tre. Il est possible d\u2019y stationner gratuitement pendant 48&nbsp;h ou 72&nbsp;h sans bouger.<\/p>\n\n\n\n<p class=\"wp-block-paragraph\">Pour la journ\u00e9e de contribution, nous recommandons de vous garer de <strong>l&rsquo;autre c\u00f4t\u00e9 de la Vilaine<\/strong>, dans le quartier en face du <strong>Th\u00e9\u00e2tre de la Paillette<\/strong>. Les rues comme la rue <strong>Tournemine<\/strong> ou la rue <strong>Marceau<\/strong> sont encore gratuites et se trouvent \u00e0 seulement 5 minutes \u00e0 pied du lieu de l&rsquo;\u00e9v\u00e9nement. Cependant, la disponibilit\u00e9 des places peut varier en fonction de l&rsquo;heure d&rsquo;arriv\u00e9e.<\/p>\n\n\n\n<p class=\"wp-block-paragraph\">Pour plus d\u2019informations, vous pouvez consulter le site officiel de la ville de Rennes sur le stationnement&nbsp;: <a href=\"https:\/\/metropole.rennes.fr\/le-stationnement-rennes\" target=\"_blank\" rel=\"noreferrer noopener\">metropole.rennes.fr<\/a> ou utiliser <a href=\"https:\/\/www.c-park.fr\" target=\"_blank\" rel=\"noreferrer noopener\">c-park.fr<\/a> pour trouver un parking disponible.<\/p>\n<\/div>\n<\/div>\n<\/div>\n<\/div>\n","protected":false},"excerpt":{"rendered":"<p>Retrouvez toutes les informations pratiques dont vous avez besoin sur le WordCamp Bretagne 2026. Vous avez des questions\u00a0? On a les r\u00e9ponses.<\/p>\n","protected":false},"author":6408831,"featured_media":9352,"parent":0,"menu_order":0,"comment_status":"closed","ping_status":"closed","template":"","meta":{"advanced_seo_description":"","jetpack_seo_html_title":"","jetpack_seo_noindex":false,"jetpack_seo_schema_type":"","footnotes":""},"class_list":["post-19","page","type-page","status-publish","has-post-thumbnail","hentry"],"jetpack_sharing_enabled":true,"jetpack-related-posts":[{"id":20,"url":"https:\/\/bretagne.wordcamp.org\/2026\/code-de-conduite\/","url_meta":{"origin":19,"position":0},"title":"Code de conduite","author":"Pierre Mobian","date":"14 ao\u00fbt 2025","format":false,"excerpt":"Objectif L\u2019\u00e9quipe de WordCamp Bretagne estime que notre communaut\u00e9 devrait \u00eatre ouverte \u00e0 toutes et tous. De fait, nous nous engageons \u00e0 mettre en place un environnement convivial, s\u00fbr et accueillant pour tous les participantes et participants, sans distinction de genre, d\u2019orientation sexuelle, de handicap, d\u2019origine ethnique, ou de religion\u2026","rel":"","context":"Article similaire","block_context":{"text":"Article similaire","link":""},"img":{"alt_text":"","src":"https:\/\/i0.wp.com\/bretagne.wordcamp.org\/2026\/files\/2026\/06\/wcbzh-2026-miniature-wp.png?resize=350%2C200&ssl=1","width":350,"height":200,"srcset":"https:\/\/i0.wp.com\/bretagne.wordcamp.org\/2026\/files\/2026\/06\/wcbzh-2026-miniature-wp.png?resize=350%2C200&ssl=1 1x, https:\/\/i0.wp.com\/bretagne.wordcamp.org\/2026\/files\/2026\/06\/wcbzh-2026-miniature-wp.png?resize=525%2C300&ssl=1 1.5x, https:\/\/i0.wp.com\/bretagne.wordcamp.org\/2026\/files\/2026\/06\/wcbzh-2026-miniature-wp.png?resize=700%2C400&ssl=1 2x, https:\/\/i0.wp.com\/bretagne.wordcamp.org\/2026\/files\/2026\/06\/wcbzh-2026-miniature-wp.png?resize=1050%2C600&ssl=1 3x, https:\/\/i0.wp.com\/bretagne.wordcamp.org\/2026\/files\/2026\/06\/wcbzh-2026-miniature-wp.png?resize=1400%2C800&ssl=1 4x"},"classes":[]},{"id":181,"url":"https:\/\/bretagne.wordcamp.org\/2026\/","url_meta":{"origin":19,"position":1},"title":"WordCamp Bretagne 2026","author":"Alexandre Buffet","date":"11 mars 2026","format":false,"excerpt":"Le WordCamp Bretagne revient le 18 septembre 2026 \u00e0 Rennes pour une journ\u00e9e de conf\u00e9rences d\u00e9di\u00e9e aux passionn\u00e9s de WordPress et de beurre sal\u00e9.","rel":"","context":"Article similaire","block_context":{"text":"Article similaire","link":""},"img":{"alt_text":"","src":"https:\/\/i0.wp.com\/bretagne.wordcamp.org\/2026\/files\/2026\/04\/wcbzh-2026-miniature-reseaux-sociaux.png?resize=350%2C200&ssl=1","width":350,"height":200,"srcset":"https:\/\/i0.wp.com\/bretagne.wordcamp.org\/2026\/files\/2026\/04\/wcbzh-2026-miniature-reseaux-sociaux.png?resize=350%2C200&ssl=1 1x, https:\/\/i0.wp.com\/bretagne.wordcamp.org\/2026\/files\/2026\/04\/wcbzh-2026-miniature-reseaux-sociaux.png?resize=525%2C300&ssl=1 1.5x, https:\/\/i0.wp.com\/bretagne.wordcamp.org\/2026\/files\/2026\/04\/wcbzh-2026-miniature-reseaux-sociaux.png?resize=700%2C400&ssl=1 2x, https:\/\/i0.wp.com\/bretagne.wordcamp.org\/2026\/files\/2026\/04\/wcbzh-2026-miniature-reseaux-sociaux.png?resize=1050%2C600&ssl=1 3x, https:\/\/i0.wp.com\/bretagne.wordcamp.org\/2026\/files\/2026\/04\/wcbzh-2026-miniature-reseaux-sociaux.png?resize=1400%2C800&ssl=1 4x"},"classes":[]},{"id":11,"url":"https:\/\/bretagne.wordcamp.org\/2026\/lieu\/","url_meta":{"origin":19,"position":2},"title":"Lieu","author":"Pierre Mobian","date":"14 ao\u00fbt 2025","format":false,"excerpt":"Rendez-vous au Couvent des Jacobins le 18 septembre 2026 20 Place Sainte-Anne 35000 Rennes Un lieu unique au c\u0153ur de Rennes, entre modernit\u00e9 \u2028et classicisme Le WordCamp Bretagne 2026 se d\u00e9roulera \u00e9videmment en Bretagne, le 18 septembre prochain, au Couvent des Jacobins, Centre des Congr\u00e8s de Rennes M\u00e9tropole. \u00c0 1\u2026","rel":"","context":"Article similaire","block_context":{"text":"Article similaire","link":""},"img":{"alt_text":"","src":"https:\/\/i0.wp.com\/bretagne.wordcamp.org\/2026\/files\/2026\/06\/wcbzh-2026-miniature-lieu.png?resize=350%2C200&ssl=1","width":350,"height":200,"srcset":"https:\/\/i0.wp.com\/bretagne.wordcamp.org\/2026\/files\/2026\/06\/wcbzh-2026-miniature-lieu.png?resize=350%2C200&ssl=1 1x, https:\/\/i0.wp.com\/bretagne.wordcamp.org\/2026\/files\/2026\/06\/wcbzh-2026-miniature-lieu.png?resize=525%2C300&ssl=1 1.5x, https:\/\/i0.wp.com\/bretagne.wordcamp.org\/2026\/files\/2026\/06\/wcbzh-2026-miniature-lieu.png?resize=700%2C400&ssl=1 2x, https:\/\/i0.wp.com\/bretagne.wordcamp.org\/2026\/files\/2026\/06\/wcbzh-2026-miniature-lieu.png?resize=1050%2C600&ssl=1 3x, https:\/\/i0.wp.com\/bretagne.wordcamp.org\/2026\/files\/2026\/06\/wcbzh-2026-miniature-lieu.png?resize=1400%2C800&ssl=1 4x"},"classes":[]},{"id":7,"url":"https:\/\/bretagne.wordcamp.org\/2026\/programme\/","url_meta":{"origin":19,"position":3},"title":"Programme","author":"Pierre Mobian","date":"19 ao\u00fbt 2026","format":false,"excerpt":"Goulennit ar programm ! D\u00e9couvrez d\u00e8s maintenant le programme du prochain WordCamp Bretagne 2026 avec ses 23 conf\u00e9rences r\u00e9parties en 2 salles\u00a0: la salle Grand Public ou la salle Technique. Journ\u00e9e de contribution WordCamp Bretagne After Party 17 septembre 2026 La veille du WordCamp, l'association WPFR organise une journ\u00e9e de\u2026","rel":"","context":"Article similaire","block_context":{"text":"Article similaire","link":""},"img":{"alt_text":"","src":"https:\/\/i0.wp.com\/bretagne.wordcamp.org\/2026\/files\/2026\/08\/wcbzh-2026-miniature-programme.png?resize=350%2C200&ssl=1","width":350,"height":200,"srcset":"https:\/\/i0.wp.com\/bretagne.wordcamp.org\/2026\/files\/2026\/08\/wcbzh-2026-miniature-programme.png?resize=350%2C200&ssl=1 1x, https:\/\/i0.wp.com\/bretagne.wordcamp.org\/2026\/files\/2026\/08\/wcbzh-2026-miniature-programme.png?resize=525%2C300&ssl=1 1.5x, https:\/\/i0.wp.com\/bretagne.wordcamp.org\/2026\/files\/2026\/08\/wcbzh-2026-miniature-programme.png?resize=700%2C400&ssl=1 2x, https:\/\/i0.wp.com\/bretagne.wordcamp.org\/2026\/files\/2026\/08\/wcbzh-2026-miniature-programme.png?resize=1050%2C600&ssl=1 3x, https:\/\/i0.wp.com\/bretagne.wordcamp.org\/2026\/files\/2026\/08\/wcbzh-2026-miniature-programme.png?resize=1400%2C800&ssl=1 4x"},"classes":[]},{"id":10,"url":"https:\/\/bretagne.wordcamp.org\/2026\/sponsors\/","url_meta":{"origin":19,"position":4},"title":"Sponsors","author":"Pierre Mobian","date":"14 ao\u00fbt 2025","format":false,"excerpt":"Trugarez\u00a0! Nous remercions tous nos sponsors, actuels et futurs, petits et grands, de faire de ce WordCamp Bretagne 2026 un \u00e9v\u00e9nement exceptionnel. Rendez-vous le 18 septembre prochain au Couvent des Jacobins pour \u00e9changer et r\u00e9seauter ensemble autour d'une bonne cr\u00eape au sucre. Sponsoriser le WordCamp Menhir Aucun sponsor aussi solide\u2026","rel":"","context":"Article similaire","block_context":{"text":"Article similaire","link":""},"img":{"alt_text":"","src":"https:\/\/i0.wp.com\/bretagne.wordcamp.org\/2026\/files\/2026\/06\/wcbzh-2026-miniature-sponsors.png?resize=350%2C200&ssl=1","width":350,"height":200,"srcset":"https:\/\/i0.wp.com\/bretagne.wordcamp.org\/2026\/files\/2026\/06\/wcbzh-2026-miniature-sponsors.png?resize=350%2C200&ssl=1 1x, https:\/\/i0.wp.com\/bretagne.wordcamp.org\/2026\/files\/2026\/06\/wcbzh-2026-miniature-sponsors.png?resize=525%2C300&ssl=1 1.5x, https:\/\/i0.wp.com\/bretagne.wordcamp.org\/2026\/files\/2026\/06\/wcbzh-2026-miniature-sponsors.png?resize=700%2C400&ssl=1 2x, https:\/\/i0.wp.com\/bretagne.wordcamp.org\/2026\/files\/2026\/06\/wcbzh-2026-miniature-sponsors.png?resize=1050%2C600&ssl=1 3x, https:\/\/i0.wp.com\/bretagne.wordcamp.org\/2026\/files\/2026\/06\/wcbzh-2026-miniature-sponsors.png?resize=1400%2C800&ssl=1 4x"},"classes":[]},{"id":9233,"url":"https:\/\/bretagne.wordcamp.org\/2026\/orateurs-oratrices\/","url_meta":{"origin":19,"position":5},"title":"Orateurs &amp; oratrices","author":"Alexandre Buffet","date":"19 ao\u00fbt 2026","format":false,"excerpt":"23 conf\u00e9rences, 2 salles, 2 ambiances Voici les 23 orateurs et oratrices qui pr\u00e9senteront leurs conf\u00e9rences dans les salles Grand Public ou Technique lors du WordCamp Bretagne 2026. Voir le programme","rel":"","context":"Article similaire","block_context":{"text":"Article similaire","link":""},"img":{"alt_text":"","src":"https:\/\/i0.wp.com\/bretagne.wordcamp.org\/2026\/files\/2026\/06\/wcbzh-2026-miniature-orateurs.png?resize=350%2C200&ssl=1","width":350,"height":200,"srcset":"https:\/\/i0.wp.com\/bretagne.wordcamp.org\/2026\/files\/2026\/06\/wcbzh-2026-miniature-orateurs.png?resize=350%2C200&ssl=1 1x, https:\/\/i0.wp.com\/bretagne.wordcamp.org\/2026\/files\/2026\/06\/wcbzh-2026-miniature-orateurs.png?resize=525%2C300&ssl=1 1.5x, https:\/\/i0.wp.com\/bretagne.wordcamp.org\/2026\/files\/2026\/06\/wcbzh-2026-miniature-orateurs.png?resize=700%2C400&ssl=1 2x, https:\/\/i0.wp.com\/bretagne.wordcamp.org\/2026\/files\/2026\/06\/wcbzh-2026-miniature-orateurs.png?resize=1050%2C600&ssl=1 3x, https:\/\/i0.wp.com\/bretagne.wordcamp.org\/2026\/files\/2026\/06\/wcbzh-2026-miniature-orateurs.png?resize=1400%2C800&ssl=1 4x"},"classes":[]}],"jetpack_shortlink":"https:\/\/wp.me\/PgLQUB-j","_links":{"self":[{"href":"https:\/\/bretagne.wordcamp.org\/2026\/wp-json\/wp\/v2\/pages\/19","targetHints":{"allow":["GET"]}}],"collection":[{"href":"https:\/\/bretagne.wordcamp.org\/2026\/wp-json\/wp\/v2\/pages"}],"about":[{"href":"https:\/\/bretagne.wordcamp.org\/2026\/wp-json\/wp\/v2\/types\/page"}],"author":[{"embeddable":true,"href":"https:\/\/bretagne.wordcamp.org\/2026\/wp-json\/wp\/v2\/users\/6408831"}],"replies":[{"embeddable":true,"href":"https:\/\/bretagne.wordcamp.org\/2026\/wp-json\/wp\/v2\/comments?post=19"}],"version-history":[{"count":20,"href":"https:\/\/bretagne.wordcamp.org\/2026\/wp-json\/wp\/v2\/pages\/19\/revisions"}],"predecessor-version":[{"id":9586,"href":"https:\/\/bretagne.wordcamp.org\/2026\/wp-json\/wp\/v2\/pages\/19\/revisions\/9586"}],"wp:featuredmedia":[{"embeddable":true,"href":"https:\/\/bretagne.wordcamp.org\/2026\/wp-json\/wp\/v2\/media\/9352"}],"wp:attachment":[{"href":"https:\/\/bretagne.wordcamp.org\/2026\/wp-json\/wp\/v2\/media?parent=19"}],"curies":[{"name":"wp","href":"https:\/\/api.w.org\/{rel}","templated":true}]}}